{"id":5599,"date":"2018-05-11T16:08:00","date_gmt":"2018-05-11T16:08:00","guid":{"rendered":"https:\/\/brandskar.se\/?post_type=nyheterevent&#038;p=5599"},"modified":"2023-10-08T16:10:32","modified_gmt":"2023-10-08T16:10:32","slug":"brandskarbatar-etablerar-sig-pa-marstrand","status":"publish","type":"nyheterevent","link":"https:\/\/brandskar.se\/en\/nyheterevent\/brandskarbatar-etablerar-sig-pa-marstrand\/","title":{"rendered":"BRANDSK\u00c4RB\u00c5TAR ETABLERAR SIG P\u00c5 MARSTRAND"},"content":{"rendered":"<p><img decoding=\"async\" src=\"https:\/\/brandskar.se\/wp-content\/uploads\/2023\/10\/7Z2A1363.jpg\" width=\"1250\" height=\"833.5\" alt=\"Image\"><\/p>\n\n\n\n<p><strong>Varvet Brandsk\u00e4r som bygger helsvenska kvalitetsb\u00e5tar p\u00e5 Vind\u00f6n, Orust inleder ett samarbete med Nordic Marine Norden AB p\u00e5 Marstrand. Nordic Marine blir d\u00e4rmed blir exklusiv \u00e5terf\u00f6rs\u00e4ljare av Brandsk\u00e4rs b\u00e5tar p\u00e5 V\u00e4stkusten. Samarbetet inleds i maj 2018.<\/strong><\/p>\n\n\n\n<p>\u2013 Nordic Marine \u00e4r v\u00e4lk\u00e4nda i branschen f\u00f6r det otroligt fina jobb de g\u00f6r f\u00f6r sina kunder. De har ett brett kontaktn\u00e4t och en stor erfarenhet fr\u00e5n att de historiskt har s\u00e5lt Targa. M\u00e5let f\u00f6r Brandsk\u00e4r \u00e4r att ta b\u00e5de b\u00e5tarna och varum\u00e4rket till n\u00e4sta niv\u00e5 och d\u00e4r \u00e4r det strategiska partnerskapet med Nordic Marine en otroligt viktig pusselbit. \u2013 S\u00e4ger Henric Carlsson, del\u00e4gare Brandsk\u00e4r<\/p>\n\n\n\n<p>Robert H\u00f6gberg och Niclas Ekegren som tillsammans \u00e4ger Nordic Marine Norden AB ser Brandsk\u00e4r som ett varmt v\u00e4lkommet tillskott i deras utbud och det \u00e4r b\u00e5tar som passar in perfekt med deras m\u00e5tto att s\u00e4lja \u201dKvalitetsb\u00e5tar f\u00f6r gott och s\u00e4kert sj\u00f6liv\u201d<\/p>\n\n\n\n<p>\u2013 Brandsk\u00e4r har alltid byggt v\u00e4ldigt fina b\u00e5tar och den nya 290NG \u00e4r inget undantag. Vi \u00e4r otroligt imponerade av utvecklingen som sker p\u00e5 varvet och det moderna helhetst\u00e4nket som finns. M\u00e5lgruppen som k\u00f6per en Brandsk\u00e4r st\u00e4ller otroligt h\u00f6ga krav p\u00e5 sina b\u00e5tar n\u00e4r det g\u00e4ller sj\u00f6egenskaper, prestanda och hantverk och vi \u00e4r stolta att kunna erbjuda dessa fina b\u00e5tar hos oss. \u2013 S\u00e4ger Robert H\u00f6gberg, del\u00e4gare Nordic Marine Norden AB<\/p>\n\n\n\n<p>\u2013 Vi m\u00e4rker att m\u00e5nga kunder som letar efter en ny modell vill ha delar av de fina egenskaper som finns hos t ex Targa eller Sargo men med ett modernare uttryck och k\u00e4nsla. D\u00e4r passar nya Brandsk\u00e4r 290NG in perfekt. Det jobbet som man det senaste \u00e5ret har gjort p\u00e5 varvet p\u00e5 Vind\u00f6n \u00e4r imponerande. Man har lyckats kombinera enkelhet och v\u00e4l avv\u00e4gda materialval med elektronik och funktioner som \u00e4r anpassade runt anv\u00e4ndare och anv\u00e4ndandet och helheten \u00e4r verkligen n\u00e5got ut\u00f6ver det vanliga och inget som finns marknaden sedan tidigare. \u2013 S\u00e4ger Niclas Ekegren, del\u00e4gare Nordic Marine Norden AB.<\/p>\n\n\n\n<p>Samarbetet inleds redan nu i maj 2018 och Nordic Marine Norden AB har som ambition att s\u00e4lja ett 10-tal Brandsk\u00e4rsb\u00e5tar till den svenska v\u00e4stkusten \u00e5rligen.<\/p>\n\n\n\n<p><a href=\"https:\/\/www.dropbox.com\/sh\/uscjviw23jbt8w3\/AAAyq0wJeD2F2zllTVfKeAWza?dl=0\" target=\"_blank\" rel=\"noreferrer noopener\"><\/a><\/p>\n\n\n\n<div class=\"wp-block-buttons is-layout-flex wp-block-buttons-is-layout-flex\">\n<div class=\"wp-block-button\"><a class=\"wp-block-button__link wp-element-button\" href=\"https:\/\/www.dropbox.com\/sh\/uscjviw23jbt8w3\/AAAyq0wJeD2F2zllTVfKeAWza?dl=0\">Ladda ner fler bilder h\u00e4r<\/a><\/div>\n<\/div>\n\n\n\n<div class=\"wp-block-buttons is-layout-flex wp-block-buttons-is-layout-flex\">\n<div class=\"wp-block-button\"><a class=\"wp-block-button__link wp-element-button\" href=\"https:\/\/www.dropbox.com\/s\/xjgmxc6x639bxx8\/Brandskar%2011%20maj%202018_Nytt%20Samarbete.pdf?dl=0\">Pressmedelandet som PDF<\/a><\/div>\n<\/div>","protected":false},"featured_media":0,"template":"","categories":[],"tags":[],"class_list":["post-5599","nyheterevent","type-nyheterevent","status-publish","hentry"],"meta_box":{"huvudbild":[{"width":150,"height":150,"file":"2023\/10\/7Z2A1363.jpg","filesize":166931,"sizes":{"medium":{"file":"7Z2A1363-300x200.jpg","width":300,"height":200,"mime-type":"image\/jpeg","filesize":12927,"url":"https:\/\/brandskar.se\/wp-content\/uploads\/2023\/10\/7Z2A1363-300x200.jpg"},"large":{"file":"7Z2A1363-1024x683.jpg","width":1024,"height":683,"mime-type":"image\/jpeg","filesize":81057,"url":"https:\/\/brandskar.se\/wp-content\/uploads\/2023\/10\/7Z2A1363-1024x683.jpg"},"thumbnail":{"file":"7Z2A1363-150x150.jpg","width":150,"height":150,"mime-type":"image\/jpeg","filesize":5788,"url":"https:\/\/brandskar.se\/wp-content\/uploads\/2023\/10\/7Z2A1363-150x150.jpg"},"medium_large":{"file":"7Z2A1363-768x512.jpg","width":768,"height":512,"mime-type":"image\/jpeg","filesize":51996,"url":"https:\/\/brandskar.se\/wp-content\/uploads\/2023\/10\/7Z2A1363-768x512.jpg"},"1536x1536":{"file":"7Z2A1363-1536x1024.jpg","width":1536,"height":1024,"mime-type":"image\/jpeg","filesize":149245,"url":"https:\/\/brandskar.se\/wp-content\/uploads\/2023\/10\/7Z2A1363-1536x1024.jpg"},"2048x2048":{"file":"7Z2A1363-2048x1366.jpg","width":2048,"height":1366,"mime-type":"image\/jpeg","filesize":229517,"url":"https:\/\/brandskar.se\/wp-content\/uploads\/2023\/10\/7Z2A1363-2048x1366.jpg"},"trp-custom-language-flag":{"file":"7Z2A1363-18x12.jpg","width":18,"height":12,"mime-type":"image\/jpeg","filesize":832,"url":"https:\/\/brandskar.se\/wp-content\/uploads\/2023\/10\/7Z2A1363-18x12.jpg"},"bricks_large_16x9":{"file":"7Z2A1363-1200x675.jpg","width":1200,"height":675,"mime-type":"image\/jpeg","filesize":88126,"url":"https:\/\/brandskar.se\/wp-content\/uploads\/2023\/10\/7Z2A1363-1200x675.jpg"},"bricks_large":{"file":"7Z2A1363-1200x800.jpg","width":1200,"height":800,"mime-type":"image\/jpeg","filesize":102619,"url":"https:\/\/brandskar.se\/wp-content\/uploads\/2023\/10\/7Z2A1363-1200x800.jpg"},"bricks_large_square":{"file":"7Z2A1363-1200x1200.jpg","width":1200,"height":1200,"mime-type":"image\/jpeg","filesize":122149,"url":"https:\/\/brandskar.se\/wp-content\/uploads\/2023\/10\/7Z2A1363-1200x1200.jpg"},"bricks_medium":{"file":"7Z2A1363-600x400.jpg","width":600,"height":400,"mime-type":"image\/jpeg","filesize":35995,"url":"https:\/\/brandskar.se\/wp-content\/uploads\/2023\/10\/7Z2A1363-600x400.jpg"},"bricks_medium_square":{"file":"7Z2A1363-600x600.jpg","width":600,"height":600,"mime-type":"image\/jpeg","filesize":42963,"url":"https:\/\/brandskar.se\/wp-content\/uploads\/2023\/10\/7Z2A1363-600x600.jpg"}},"image_meta":{"aperture":"2.8","credit":"","camera":"Canon EOS 5D Mark III","caption":"","created_timestamp":"1527260705","copyright":"","focal_length":"24","iso":"100","shutter_speed":"0.00025","title":"","orientation":"0","keywords":[]},"ID":"5600","name":"7Z2A1363.jpg","path":"\/www\/webvol53\/of\/cxbno8as3ylv5yr\/brandskar.se\/public_html\/wp-content\/uploads\/2023\/10\/7Z2A1363.jpg","url":"https:\/\/brandskar.se\/wp-content\/uploads\/2023\/10\/7Z2A1363-150x150.jpg","full_url":"https:\/\/brandskar.se\/wp-content\/uploads\/2023\/10\/7Z2A1363.jpg","title":"Image","caption":"","description":"","alt":"","srcset":"https:\/\/brandskar.se\/wp-content\/uploads\/2023\/10\/7Z2A1363-150x150.jpg 150w, https:\/\/brandskar.se\/wp-content\/uploads\/2023\/10\/7Z2A1363-1200x1200.jpg 1200w, https:\/\/brandskar.se\/wp-content\/uploads\/2023\/10\/7Z2A1363-600x600.jpg 600w"}],"gom_huvudbilden_pa_nyheten":"1","text_over_bilden":"","date_2zj5avk6yyd":"","utdrag":"","brodtextfornyhetevent":""},"_links":{"self":[{"href":"https:\/\/brandskar.se\/en\/wp-json\/wp\/v2\/nyheterevent\/5599","targetHints":{"allow":["GET"]}}],"collection":[{"href":"https:\/\/brandskar.se\/en\/wp-json\/wp\/v2\/nyheterevent"}],"about":[{"href":"https:\/\/brandskar.se\/en\/wp-json\/wp\/v2\/types\/nyheterevent"}],"version-history":[{"count":0,"href":"https:\/\/brandskar.se\/en\/wp-json\/wp\/v2\/nyheterevent\/5599\/revisions"}],"wp:attachment":[{"href":"https:\/\/brandskar.se\/en\/wp-json\/wp\/v2\/media?parent=5599"}],"wp:term":[{"taxonomy":"category","embeddable":true,"href":"https:\/\/brandskar.se\/en\/wp-json\/wp\/v2\/categories?post=5599"},{"taxonomy":"post_tag","embeddable":true,"href":"https:\/\/brandskar.se\/en\/wp-json\/wp\/v2\/tags?post=5599"}],"curies":[{"name":"wp","href":"https:\/\/api.w.org\/{rel}","templated":true}]}}